{"id":399,"date":"2020-03-06T12:28:31","date_gmt":"2020-03-06T11:28:31","guid":{"rendered":"https:\/\/preconvention.de\/?page_id=399"},"modified":"2020-03-06T16:06:49","modified_gmt":"2020-03-06T15:06:49","slug":"datenschutzerklaerung","status":"publish","type":"page","link":"https:\/\/preconvention.de\/?page_id=399","title":{"rendered":"Datenschutzerkl\u00e4rung"},"content":{"rendered":"<p>[et_pb_section fb_built=&#8220;1&#8243; admin_label=&#8220;Hero&#8220; _builder_version=&#8220;4.3.4&#8243; use_background_color_gradient=&#8220;on&#8220; background_color_gradient_start=&#8220;rgba(135,135,135,0.79)&#8220; background_color_gradient_end=&#8220;rgba(235,110,15,0.86)&#8220; background_color_gradient_type=&#8220;radial&#8220; background_color_gradient_direction_radial=&#8220;top left&#8220; background_color_gradient_overlays_image=&#8220;on&#8220; background_image=&#8220;https:\/\/preconvention.de\/wp-content\/uploads\/2020\/03\/construction-23.jpg&#8220; height=&#8220;200px&#8220; custom_margin=&#8220;||||false&#8220; custom_padding=&#8220;4vw||4vw||true|false&#8220; locked=&#8220;off&#8220;][et_pb_row _builder_version=&#8220;3.25&#8243;][et_pb_column type=&#8220;4_4&#8243; _builder_version=&#8220;3.25&#8243; custom_padding=&#8220;|||&#8220; custom_padding__hover=&#8220;|||&#8220;][et_pb_text _builder_version=&#8220;4.3.4&#8243; text_font=&#8220;||||||||&#8220; header_font=&#8220;Rubik|700|||||||&#8220; header_font_size=&#8220;64px&#8220; header_line_height=&#8220;1.1em&#8220; background_layout=&#8220;dark&#8220; max_width=&#8220;800px&#8220; custom_margin=&#8220;||0px|&#8220; custom_padding=&#8220;|||16px&#8220; text_font_size_tablet=&#8220;14px&#8220; text_font_size_last_edited=&#8220;off|desktop&#8220; header_font_size_tablet=&#8220;44px&#8220; header_font_size_phone=&#8220;32px&#8220; header_font_size_last_edited=&#8220;on|phone&#8220; border_color_all=&#8220;#ffb400&#8243; border_style_all=&#8220;none&#8220; border_width_left=&#8220;10px&#8220;]<\/p>\n<h2 class=\"csc-firstHeader\">Datenschutzerkl\u00e4rung<\/h2>\n<p>[\/et_pb_text][\/et_pb_column][\/et_pb_row][\/et_pb_section][et_pb_section fb_built=&#8220;1&#8243; custom_padding_last_edited=&#8220;on|tablet&#8220; admin_label=&#8220;Services&#8220; _builder_version=&#8220;4.3.4&#8243; custom_margin=&#8220;|||&#8220; custom_padding=&#8220;0|0px|0||false|false&#8220; custom_padding_tablet=&#8220;|||0%&#8220; custom_padding_phone=&#8220;&#8220;][et_pb_row _builder_version=&#8220;4.3.4&#8243;][et_pb_column type=&#8220;4_4&#8243; _builder_version=&#8220;4.3.4&#8243;][et_pb_text _builder_version=&#8220;4.3.4&#8243;]<\/p>\n<div class=\"post-entry\">\n<p><strong>Datenschutzerkl\u00e4rung<\/strong><br \/>Wir nehmen den Schutz Ihrer pers\u00f6nlichen Daten ernst und halten uns an die Regeln der jeweils geltenden Datenschutzgesetze, insbesondere EU-Datenschutzgrundverordnung (EU-DSGVO) und Bundesdatenschutzgesetz (BDSG), sowie dieser Datenschutzerkl\u00e4rung. Wir verarbeiten personenbezogene Daten unserer Nutzer nur, soweit diese zur Bereitstellung einer funktionsf\u00e4higen Website sowie unserer Inhalte, Leistungen, Angebote etc. erforderlich sind.<br \/>Personenbezogene Daten sind alle Informationen, die sich auf eine identifizierte oder identifizierbare nat\u00fcrliche Person beziehen.<br \/>Die Datenschutzerkl\u00e4rung gibt Ihnen einen \u00dcberblick dar\u00fcber, welche Art von personenbezogenen Daten zu welchem Zweck verarbeitet werden. Ferner wird in dieser Datenschutzerkl\u00e4rung angegeben, wie wir den Schutz Ihrer personenbezogenen Daten sicherstellen.<\/p>\n<p><strong>1. Name und Kontaktdaten des f\u00fcr die Verarbeitung Verantwortlichen<\/strong><br \/>Diese Datenschutz-Information gilt f\u00fcr die Datenverarbeitung durch:<br \/>Verantwortlicher:<br \/><strong><\/strong><\/p>\n<p class=\"bodytext\"><strong>Preconvention GmbH<\/strong><br \/>Gesch\u00e4ftsf\u00fchrer Frank Stetzka<\/p>\n<p class=\"bodytext\">Viktoriastra\u00dfe 10<br \/>46483 Wesel<\/p>\n<p class=\"bodytext\">Tel.: \u00a0 0281 \/ 164 9860<br \/>Fax: \u00a0\u00a00281 \/ 164 9861<br \/>Email: frank.stetzka@preconvention.de<br \/>Website: preconvention.de<\/p>\n<p><strong>2. Erhebung und Speicherung personenbezogener Daten sowie Art und Zweck von deren Verwendung<\/strong><br \/>a) Bei dem Besuch unserer Website<br \/>Sie k\u00f6nnen unsere Website preconvention.de besuchen, ohne dass Sie uns Informationen zu Ihrer Person (wer Sie sind) mitteilen m\u00fcssen.<br \/>Bei einer solchen rein informatorischen Nutzung unserer Website, d.h., wenn Sie sich nicht registrieren oder uns anderweitig Informationen zu Ihrer Person \u00fcbermitteln, erheben wir nur die personenbezogenen Daten, die Ihr Browser an unseren Server \u00fcbermittelt. Bei einem Aufrufen unserer Website preconvention.de werden durch den auf Ihrem Endger\u00e4t zum Einsatz kommenden Browser automatisch Informationen an den Server unserer Website gesendet. Diese Informationen werden tempor\u00e4r in einem sog. Logfile gespeichert. Folgende Informationen werden dabei ohne Ihr Zutun erfasst und bis zur automatisierten L\u00f6schung gespeichert:<br \/>\u2022\u00a0\u00a0 \u00a0IP-Adresse des anfragenden Rechners,<br \/>\u2022\u00a0\u00a0 \u00a0Datum und Uhrzeit des Zugriffs,<br \/>\u2022\u00a0\u00a0 \u00a0Name und URL der abgerufenen Datei,<br \/>\u2022\u00a0\u00a0 \u00a0Website, von der aus der Zugriff erfolgt (Referrer-URL),<br \/>\u2022\u00a0\u00a0 \u00a0verwendeter Browser und ggf. das Betriebssystem Ihres Rechners sowie der Name Ihres Access-Providers, Sprache und Version der Browsersoftware<br \/>Die genannten Daten werden durch uns zu folgenden Zwecken verarbeitet:<br \/>\u2022\u00a0\u00a0 \u00a0Gew\u00e4hrleistung eines reibungslosen Verbindungsaufbaus der Website,<br \/>\u2022\u00a0\u00a0 \u00a0Gew\u00e4hrleistung einer komfortablen Nutzung unserer Website,<br \/>\u2022\u00a0\u00a0 \u00a0Auswertung der Systemsicherheit und -stabilit\u00e4t sowie<br \/>\u2022\u00a0\u00a0 \u00a0zu weiteren administrativen Zwecken.<br \/>Die Rechtsgrundlage f\u00fcr die Datenverarbeitung ist Art. 6 Abs. 1 S. 1 lit. f) EU-DSGVO. Unser berechtigtes Interesse folgt aus oben aufgelisteten Zwecken zur Datenerhebung. In keinem Fall verwenden wir die erhobenen Daten zu dem Zweck, R\u00fcckschl\u00fcsse auf Ihre Person zu ziehen.<\/p>\n<p><strong>3. Weitergabe von Daten an Dritte<\/strong><br \/>Eine \u00dcbermittlung Ihrer personenbezogenen Daten an Dritte zu anderen als den im Folgenden aufgef\u00fchrten Zwecken findet nicht statt. Insbesondere erfolgt, ohne Ihre ausdr\u00fcckliche Einwilligung, keine Weitergabe an Dritte, z.B. zu Zwecken der Werbung.<br \/>Wir geben Ihre pers\u00f6nlichen Daten nur an Dritte weiter, wenn:<br \/>\u2022\u00a0\u00a0 \u00a0Sie Ihre nach Art. 6 Abs. 1 S. 1 lit. a) EU-DSGVO ausdr\u00fcckliche Einwilligung dazu erteilt haben;<br \/>\u2022\u00a0\u00a0 \u00a0dies nach Art. 6 Abs. 1 S. 1 lit. b) EU-DSGVO f\u00fcr die Abwicklung von Vertragsverh\u00e4ltnissen mit Ihnen erforderlich ist, z.B. an Kreditinstitute zur Abwicklung der vertraglich vereinbarten Zahlungen, an Versand- und Transportunternehmen zu Zwecken des Warentransportes inkl. der Sendungsverfolgung, bei Nichterf\u00fcllung von vertraglich vereinbarten Zahlungen zu Zwecken der Rechtsdurchsetzung an Rechtsanw\u00e4lte und Rechtsdienstleistungsunternehmen;<br \/>\u2022\u00a0\u00a0 \u00a0f\u00fcr den Fall, dass f\u00fcr die Weitergabe nach Art. 6 Abs. 1 S. 1 lit. c) EU-DSGVO eine gesetzliche Verpflichtung besteht; oder<br \/>\u2022\u00a0\u00a0 \u00a0die Weitergabe nach Art. 6 Abs. 1 S. 1 lit. f) EU-DSGVO zur Geltendmachung, Aus\u00fcbung oder Verteidigung von Rechtsanspr\u00fcchen erforderlich ist und kein Grund zur Annahme besteht, dass Sie ein \u00fcberwiegendes schutzw\u00fcrdiges Interesse an der Nichtweitergabe Ihrer Daten haben.<\/p>\n<p><strong>4. Speicherdauer und Datenl\u00f6schung<\/strong><br \/>Ihre personenbezogenen Daten werden insbesondere gel\u00f6scht, sobald sie f\u00fcr die Zwecke, f\u00fcr die sie erhoben oder auf sonstige Weise verarbeitet wurden, nicht mehr notwendig sind. Hiernach werden die Daten gel\u00f6scht, es sei denn, dass die Speicherung zur Erf\u00fcllung einer rechtlichen Verpflichtung, die die Verarbeitung nach dem Recht der Union oder der Mitgliedstaaten, dem der Verantwortliche unterliegt, oder zur Geltendmachung, Aus\u00fcbung oder Verteidigung von Rechtsanspr\u00fcchen erforderlich ist. Eine rechtliche Verpflichtung stellen die gesetzlichen Aufbewahrungspflichten dar, die z.B. 10 Jahre (bei Daten der Buchhaltung inkl. Bestellungs- und Zahlungsdaten, Lohn- sowie Gehaltsabrechnungen) oder 6 Jahre (bei Handelskorrespondenz) betragen. W\u00e4hrend der Dauer der Aufbewahrungspflichten werden die Daten gesperrt, nach deren Ablauf erfolgt die L\u00f6schung.<\/p>\n<p><strong>5. Betroffenenrechte<\/strong><br \/>Sie haben das Recht,<br \/>\u2022\u00a0\u00a0 \u00a0gem\u00e4\u00df Art. 7 Abs. 3 EU-DSGVO Ihre einmal erteilte Einwilligung jederzeit gegen\u00fcber uns zu widerrufen. Dies hat zur Folge, dass wir die Datenverarbeitung, die auf dieser Einwilligung beruhte, f\u00fcr die Zukunft nicht mehr fortf\u00fchren d\u00fcrfen. Die Rechtm\u00e4\u00dfigkeit der bis zum Widerruf erfolgten Datenverarbeitung bleibt von Ihrem Widerruf unber\u00fchrt;<br \/>\u2022\u00a0\u00a0 \u00a0gem\u00e4\u00df Art. 15 EU-DSGVO Auskunft \u00fcber Ihre von uns verarbeiteten personenbezogenen Daten zu verlangen. Hierbei k\u00f6nnen Sie Auskunft \u00fcber die Verarbeitungszwecke, die Kategorie der personenbezogenen Daten, die Kategorien von Empf\u00e4ngern, gegen\u00fcber denen Ihre Daten offengelegt wurden oder werden, die geplante Speicherdauer, das Bestehen eines Rechts auf Berichtigung, L\u00f6schung, Einschr\u00e4nkung der Verarbeitung oder Widerspruch, das Bestehen eines Beschwerderechts, die Herkunft ihrer Daten, sofern diese nicht bei uns erhoben wurden, sowie \u00fcber das Bestehen einer automatisierten Entscheidungsfindung einschlie\u00dflich Profiling und ggf. aussagekr\u00e4ftigen Informationen zu deren Einzelheiten verlangen;<br \/>\u2022\u00a0\u00a0 \u00a0gem\u00e4\u00df Art. 16 EU-DSGVO unverz\u00fcglich die Berichtigung unrichtiger oder Vervollst\u00e4ndigung Ihrer bei uns gespeicherten personenbezogenen Daten zu verlangen;<br \/>\u2022\u00a0\u00a0 \u00a0gem\u00e4\u00df Art. 17 EU-DSGVO die L\u00f6schung Ihrer bei uns gespeicherten personenbezogenen Daten zu verlangen, soweit nicht die Verarbeitung zur Aus\u00fcbung des Rechts auf freie Meinungs\u00e4u\u00dferung und Information, zur Erf\u00fcllung einer rechtlichen Verpflichtung, aus Gr\u00fcnden des \u00f6ffentlichen Interesses oder zur Geltendmachung, Aus\u00fcbung oder Verteidigung von Rechtsanspr\u00fcchen erforderlich ist;<br \/>\u2022\u00a0\u00a0 \u00a0gem\u00e4\u00df Art. 18 EU-DSGVO die Einschr\u00e4nkung der Verarbeitung Ihrer personenbezogenen Daten zu verlangen, soweit die Richtigkeit der Daten von Ihnen bestritten wird, die Verarbeitung unrechtm\u00e4\u00dfig ist, Sie aber deren L\u00f6schung ablehnen und wir die Daten nicht mehr ben\u00f6tigen, Sie jedoch diese zur Geltendmachung, Aus\u00fcbung oder Verteidigung von Rechtsanspr\u00fcchen ben\u00f6tigen oder Sie gem\u00e4\u00df Art. 21 DSGVO Widerspruch gegen die Verarbeitung eingelegt haben;<br \/>\u2022\u00a0\u00a0 \u00a0gem\u00e4\u00df Art. 20 EU-DSGVO Ihre personenbezogenen Daten, die Sie uns bereitgestellt haben, in einem strukturierten, g\u00e4ngigen und maschinenlesebaren Format zu erhalten oder die \u00dcbermittlung an einen anderen Verantwortlichen zu verlangen;<br \/>\u2022\u00a0\u00a0 \u00a0gem\u00e4\u00df Art. 77 EU-DSGVO sich bei einer Aufsichtsbeh\u00f6rde zu beschweren. Zust\u00e4ndige Aufsichtsbeh\u00f6rde ist der Landesdatenschutzbeauftragte des Bundeslandes, in dem unser Unternehmen seinen Sitz hat. Eine \u00dcbersicht zu den Landesdatenschutzbeauftragten nebst deren Kontaktdaten ist abrufbar unter https:\/\/www.bfdi.bund.de\/DE\/Infothek\/Anschriften_Links\/anschriften_links-node.html.<\/p>\n<p><strong>6. Widerspruchsrecht<\/strong><br \/>Sofern Ihre personenbezogenen Daten auf Grundlage von berechtigten Interessen gem\u00e4\u00df Art. 6 Abs. 1 S. 1 lit. f) EU-DSGVO verarbeitet werden, haben Sie das Recht, gem\u00e4\u00df Art. 21 DSGVO Widerspruch gegen die Verarbeitung Ihrer personenbezogenen Daten einzulegen, soweit daf\u00fcr Gr\u00fcnde vorliegen, die sich aus Ihrer besonderen Situation ergeben. Im Falle Ihres begr\u00fcndeten Widerspruchs pr\u00fcfen wir die Sachlage und werden entweder die Datenverarbeitung einstellen bzw. anpassen oder Ihnen unsere zwingenden schutzw\u00fcrdigen Gr\u00fcnde aufzeigen, aufgrund derer wir die Verarbeitung fortf\u00fchren.<\/p>\n<p><strong>7. Datensicherheit<\/strong><br \/>Wir verwenden geeignete technische und organisatorische Sicherheitsma\u00dfnahmen, um Ihre Daten gegen zuf\u00e4llige oder vors\u00e4tzliche Manipulationen, teilweisen oder vollst\u00e4ndigen Verlust, Zerst\u00f6rung oder gegen den unbefugten Zugriff Dritter zu sch\u00fctzen. Unsere Sicherheitsma\u00dfnahmen werden entsprechend der technologischen Entwicklung fortlaufend verbessert.<br \/>Wir verwenden ferner innerhalb Ihres Website-Besuchs eine SSL- bzw. TLS-Verschl\u00fcsselung (SSL = Secure Sockets Layer; TLS = Transport Layer Security; SSL ist die vorherige Bezeichnung von TLS). Ob eine einzelne Seite unseres Internetauftrittes verschl\u00fcsselt \u00fcbertragen wird, erkennen Sie daran, dass die Adresszeile des Browsers von \u201ehttp:\/\/\u201c auf \u201ehttps:\/\/\u201c wechselt, und ferner an dem Schloss-Symbol in Ihrer Browserzeile. Im Falle der Aktivierung der SSL- bzw. TLS-Verschl\u00fcsselung k\u00f6nnen Daten, die Sie an uns \u00fcbermitteln, nicht von Dritten mitgelesen werden.<\/p>\n<p><strong>8. Stand und eventuelle \u00c4nderung dieser Datenschutzerkl\u00e4rung<\/strong><br \/>Diese Datenschutzerkl\u00e4rung hat den Stand Mai 2018.<br \/>Aufgrund technischer Weiterentwicklungen und\/oder ge\u00e4nderter gesetzlicher bzw. beh\u00f6rdlicher Vorgaben kann es eventuell notwendig werden, diese Datenschutzerkl\u00e4rung zu \u00e4ndern. Ob \u00c4nderungen erfolgt sind, erkennen Sie daran, wenn im ersten Absatz dieses Abschnittes 7. der \u201eStand\u201c des Dokuments aktualisiert wurde.<br \/>Die jeweils aktuelle Datenschutzerkl\u00e4rung kann von Ihnen jederzeit auf unserer Website unter preconvention.de abgerufen und ausgedruckt werden.<\/p>\n<\/div>\n<p>[\/et_pb_text][\/et_pb_column][\/et_pb_row][\/et_pb_section]<\/p>\n","protected":false},"excerpt":{"rendered":"<p>Datenschutzerkl\u00e4rung Datenschutzerkl\u00e4rungWir nehmen den Schutz Ihrer pers\u00f6nlichen Daten ernst und halten uns an die Regeln der jeweils geltenden Datenschutzgesetze, insbesondere EU-Datenschutzgrundverordnung (EU-DSGVO) und Bundesdatenschutzgesetz (BDSG), sowie dieser Datenschutzerkl\u00e4rung. Wir verarbeiten personenbezogene Daten unserer Nutzer nur, soweit diese zur Bereitstellung einer funktionsf\u00e4higen Website sowie unserer Inhalte, Leistungen, Angebote etc. erforderlich sind.Personenbezogene Daten sind alle Informationen, die [&hellip;]<\/p>\n","protected":false},"author":1,"featured_media":0,"parent":0,"menu_order":0,"comment_status":"closed","ping_status":"closed","template":"","meta":{"_et_pb_use_builder":"on","_et_pb_old_content":"","_et_gb_content_width":""},"_links":{"self":[{"href":"https:\/\/preconvention.de\/index.php?rest_route=\/wp\/v2\/pages\/399"}],"collection":[{"href":"https:\/\/preconvention.de\/index.php?rest_route=\/wp\/v2\/pages"}],"about":[{"href":"https:\/\/preconvention.de\/index.php?rest_route=\/wp\/v2\/types\/page"}],"author":[{"embeddable":true,"href":"https:\/\/preconvention.de\/index.php?rest_route=\/wp\/v2\/users\/1"}],"replies":[{"embeddable":true,"href":"https:\/\/preconvention.de\/index.php?rest_route=%2Fwp%2Fv2%2Fcomments&post=399"}],"version-history":[{"count":7,"href":"https:\/\/preconvention.de\/index.php?rest_route=\/wp\/v2\/pages\/399\/revisions"}],"predecessor-version":[{"id":482,"href":"https:\/\/preconvention.de\/index.php?rest_route=\/wp\/v2\/pages\/399\/revisions\/482"}],"wp:attachment":[{"href":"https:\/\/preconvention.de\/index.php?rest_route=%2Fwp%2Fv2%2Fmedia&parent=399"}],"curies":[{"name":"wp","href":"https:\/\/api.w.org\/{rel}","templated":true}]}}